{"id":707,"date":"2018-08-28T17:58:31","date_gmt":"2018-08-28T15:58:31","guid":{"rendered":"http:\/\/mariahilf.online\/?page_id=707"},"modified":"2023-09-22T22:48:26","modified_gmt":"2023-09-22T20:48:26","slug":"vznik-a-rozvoj-poutniho-mista","status":"publish","type":"page","link":"https:\/\/www.mariahilf.eu\/pl\/historie\/vznik-a-rozvoj-poutniho-mista\/","title":{"rendered":"Pocz\u0105tki i rozw\u00f3j"},"content":{"rendered":"<p><a href=\"https:\/\/i0.wp.com\/www.mariahilf.eu\/wp-content\/uploads\/2018\/12\/ObrazStary.jpg?ssl=1\"><img data-recalc-dims=\"1\" fetchpriority=\"high\" decoding=\"async\" class=\"alignleft wp-image-1067 size-full\" src=\"https:\/\/i0.wp.com\/www.mariahilf.eu\/wp-content\/uploads\/2018\/12\/ObrazStary.jpg?resize=221%2C250&#038;ssl=1\" alt=\"\" width=\"221\" height=\"250\" \/><\/a>Uciski wojny trzydziestoletniej dotar\u0142y tak\u017ce na \u015al\u0105sk. Kiedy Szwedzi przybyli w 1647 r. do Zuckmantlu (obecnie Zlat\u00e9 Hory), ludno\u015b\u0107 opuszcza\u0142a swoje maj\u0105tki i ratowa\u0142a swoje \u017cycie uciekaj\u0105c w g\u00f3ry. \u017bona miejscowego rze\u017anika, Anna Tannheiser, kt\u00f3ra by\u0142a w b\u0142ogos\u0142awionym stanie, znalaz\u0142a bezpieczne miejsce na g\u00f3rze, zwane Bo\u017cym Darem (Gottesgabe), oko\u0142o godziny drogi od miasta. W miejscu, kt\u00f3re mia\u0142o pionow\u0105 skaln\u0105 \u015bcian\u0119 i by\u0142o zakryte pot\u0119\u017cn\u0105 jod\u0142\u0105, kt\u00f3remu wr\u00f3g nie zagra\u017ca\u0142, na t\u0119 kobiet\u0119 przysz\u0142y b\u00f3le porodowe. W tej ci\u0119\u017ckiej sytuacji b\u0142aga\u0142a Boga o pomoc, a Naj\u015bwi\u0119tsz\u0105 Dziewic\u0119 o wstawiennictwo. I by\u0142a wys\u0142uchana. 18 lipca urodzi\u0142a zdrowego syna Martina, z kt\u00f3rym wkr\u00f3tce wr\u00f3ci\u0142a do domu. Ch\u0142opiec prze\u017cy\u0142 \u017cycie jako szanowany cz\u0142owiek - radny w swoim mie\u015bcie. Jego c\u00f3rka, Dorota Weis, spe\u0142ni\u0142a potem ostatni\u0105 wol\u0119 swego ojca. Da\u0142a namalowa\u0107 u malarza Simona Schwarzera, obraz Dziewicy Maryi i powiesi\u0142a go na starej jodle w lesie w miejscu, gdzie urodzi\u0142 si\u0119 jej ojciec.<\/p>\n<p>By\u0142o to w pa\u017adzierniku 1718 roku, a w nast\u0119pnym roku miejsce to zacz\u0119\u0142o przyci\u0105ga\u0107 pierwszych pielgrzym\u00f3w. Z czasem zacz\u0119\u0142o przychodzi\u0107 coraz wi\u0119cej czcicieli Maryi Panny z Jesenicka i bardziej odleg\u0142ych miejsc. W ci\u0105gu dziesi\u0119ciu lat w tym miejscu (urodzenia ch\u0142opca) zbudowano kaplic\u0119, a pisma komisji ko\u015bcielnej i \u015bwieckiej badaj\u0105cej to miejsce (sporz\u0105dzone przez ksi\u0119dza i dw\u00f3ch lekarzy) \u015bwiadcz\u0105 o tym, \u017ce w ci\u0105gu stosunkowo kr\u00f3tkiego czasu nast\u0105pi\u0142o tu co najmniej pi\u0119\u0107 cudownych uzdrowie\u0144.<\/p>\n<ul>\n<li><strong>Zdj\u0119cie:<\/strong>\u00a0<em>Pierwotny cudowny obraz Matki Boskiej zosta\u0142 namalowany w 1718 r. Przez malarza Simona Schwarzera, wed\u0142ug s\u0142ynnego obrazu \"Pasowskiej\" Madonny z Dzieci\u0105tkiem, Lucasa Cranacha. Od 1729 r. znajduje si\u0119 w ko\u015bciele parafialnym w Zlat\u00fdch Hor\u00e1ch. Wed\u0142ug tego orygina\u0142u, zosta\u0142a zrobiona mozaika z przodu obecnej \u015bwi\u0105tyni, po\u015bwi\u0119cona w 1998 roku.<\/em><\/li>\n<\/ul>\n<p>Na \u017cyczenie wiernych z Zuckmantlu kuria biskupia we Wroc\u0142awiu zgodzi\u0142a si\u0119 na przeniesienie tego pi\u0119knego obrazu do ko\u015bcio\u0142a parafialnego. Sta\u0142o si\u0119 tak w 1729 roku. Ten cudowny obraz - kopia s\u0142ynnej \"Passowskiej\" Madonny z <a href=\"https:\/\/i0.wp.com\/www.mariahilf.eu\/wp-content\/uploads\/2018\/12\/ObrazNovy.jpg?ssl=1\"><img data-recalc-dims=\"1\" decoding=\"async\" class=\"alignright wp-image-1073 size-full\" src=\"https:\/\/i0.wp.com\/www.mariahilf.eu\/wp-content\/uploads\/2018\/12\/ObrazNovy.jpg?resize=195%2C250&#038;ssl=1\" alt=\"\" width=\"195\" height=\"250\" \/><\/a>dzieci\u0105tkiem od Lucasa Cranacha - pozosta\u0142 tam do dzi\u015b. Kolejna kopia zosta\u0142a wykonana i powieszona w le\u015bnej kaplicy. Wkr\u00f3tce jednak to miejsce pielgrzymek (zwane Maria Hilf - Panna Maria Pomocna) by\u0142o po raz pierwszy w wielkim niebezpiecze\u0144stwie. \"O\u015bwiecone\" reformy J\u00f3zefa II. dotar\u0142y i tutaj, a w 1785 r. nakazano zburzy\u0107 drewnian\u0105 kaplic\u0119. Ludno\u015b\u0107 Zlatych Hor, wspierana przez biskup\u00f3w, jednak si\u0119 broni\u0142a. Odwo\u0142anie si\u0119 przeciwko oficjalnej decyzji na zburzenie zosta\u0142a odrzucona, ale rozbi\u00f3rka kaplicy nie nast\u0105pi\u0142a, poniewa\u017c nie by\u0142o nikogo w szerokiej okolicy, kto by\u0142by got\u00f3w spe\u0142ni\u0107 pa\u0144stwowy nakaz. Nawet pod gro\u017ab\u0105 u\u017cycia wojska do wykonania polecenia. Ale to by\u0142o w czasie wojen napoleo\u0144skich, a pa\u0144stwo mia\u0142o w tym czasie inne zmartwienia. W 1819 roku oficjalnie zezwolono na ponowne otwarcie kaplicy.<\/p>\n<p>Z\u0142otymi literami zapisa\u0142 si\u0119 do historii Maria Hilf dr Philipp Dittrich, kt\u00f3ry przyby\u0142 do Zuckmantlu w 1830 roku. Rosn\u0105ca liczba pielgrzym\u00f3w doprowadzi\u0142a go na pomys\u0142 wybudowania nowego ko\u015bcio\u0142a na miejscu niewystarczaj\u0105cej kaplicy. Na pytanie, sk\u0105d wzi\u0105\u0107 potrzebne pieni\u0105dze w biednym kraju, powiedzia\u0142: \"Znam jedn\u0105 kobiet\u0119, kt\u00f3ra ma bezcenne bogactwo i od kt\u00f3rej pomoc na pewno otrzymamy. Tym bardziej, \u017ce ko\u015bci\u00f3\u0142 b\u0119dzie postawiony ku jej czci\".<\/p>\n<ul>\n<li><strong>Zdj\u0119cie:\u00a0<\/strong><em>Obraz wykonany dla kaplicy le\u015bnej w 1729 roku. W okresie dewastacji miejsca pielgrzymkowego przez komunist\u00f3w, obraz ten by\u0142 ukrywany w rodzinach. Podczas konsekracji odbudowanego ko\u015bcio\u0142a w 1995 r. obraz, po ponad czterdziestu latach, zosta\u0142 zn\u00f3w umieszczony nad o\u0142tarzem w obecnym sanktuarium. <\/em><\/li>\n<\/ul>\n<p>Ufno\u015b\u0107 ta okaza\u0142a si\u0119 w\u0142a\u015bciwa. Jak si\u0119 ta informacja zacz\u0119\u0142a szerzy\u0107 w\u015br\u00f3d wiernych, ka\u017cdy Maryjny czciciel ofiarnie pomaga\u0142, czym m\u00f3g\u0142. Bogaci finansowo, biedni w\u0142asn\u0105 prac\u0105. Zast\u0119py pielgrzym\u00f3w przynosi\u0142y na plac budowy ceg\u0142y, piasek i kamienie.<\/p>\n<p><strong><a href=\"https:\/\/i0.wp.com\/www.mariahilf.eu\/wp-content\/uploads\/2018\/12\/PuvodniKostelM2.jpg?ssl=1\"><img data-recalc-dims=\"1\" decoding=\"async\" class=\"alignleft wp-image-1075 size-full\" src=\"https:\/\/i0.wp.com\/www.mariahilf.eu\/wp-content\/uploads\/2018\/12\/PuvodniKostelM2.jpg?resize=190%2C253&#038;ssl=1\" alt=\"\" width=\"190\" height=\"253\" \/><\/a>W\u0119gielny kamie\u0144 wmurowano w 1834, a \u015bwi\u0105tyni\u0119 po\u015bwi\u0119cono 8 wrze\u015bnia 1841 roku, w \u015bwi\u0119to narodzenia Panny Maryi.<\/strong><strong>Dziewica Maryja 8 wrze\u015bnia 1841 r.<\/strong><\/p>\n<p>Po wybudowaniu nowego ko\u015bcio\u0142a liczba pielgrzym\u00f3w wzros\u0142a, a na to miejsce zacz\u0119li przychodzi\u0107 r\u00f3wnie\u017c katolicy z Polski. Gorliwa praca miejscowych duszpasterzy przynosi\u0142a coraz wi\u0119ksze owoce w duchowej formacji pielgrzym\u00f3w. <a href=\"https:\/\/i0.wp.com\/www.mariahilf.eu\/wp-content\/uploads\/2018\/12\/StariPoutniciM.jpg?ssl=1\"><img data-recalc-dims=\"1\" loading=\"lazy\" decoding=\"async\" class=\"alignright wp-image-1076 size-full\" src=\"https:\/\/i0.wp.com\/www.mariahilf.eu\/wp-content\/uploads\/2018\/12\/StariPoutniciM.jpg?resize=292%2C200&#038;ssl=1\" alt=\"\" width=\"292\" height=\"200\" \/><\/a>Stopniowo wybudowano stacje Drogi krzy\u017cowej (szczeg\u00f3lnie dzi\u0119ki dzielnemu i prze\u015bladowanemu przez nazist\u00f3w ksi\u0119dza Vincence Braunera. <strong>P. Vincence Brauner<\/strong>Nast\u0119pni kaplic\u0119 \u015bw. Marty, kaplic\u0119 \u015bw. Anny, \u201eOstatniej wieczerzy\u201d, kaplic\u0119 grobu, now\u0105 posadzk\u0119, grot\u0119 Matki Bo\u017cej z Lourdes, okna zdobi\u0142y obrazy z \u017cycia P. Maryi, \u201e\u015bwi\u0119te schody\u201d, \u201es\u0105dna brama\u201d, \u201eG\u00f3ra Oliwna\u201d. Odrestaurowano r\u00f3wnie\u017c \u201e\u015bw. studzienk\u0119\u201d.<\/p>\n<p style=\"text-align: right;\"><strong>Zdj\u0119cie:<\/strong>\u00a0<em>Pielgrzymi przed pierwotnym ko\u015bcio\u0142em<\/em><\/p>\n<p style=\"text-align: left;\"><strong>Przed II wojn\u0105 \u015bwiatow\u0105 liczb\u0119 pielgrzym\u00f3w szacowano na 80-100 tys. rocznie.<\/strong><\/p>","protected":false},"excerpt":{"rendered":"<p>\u00datrapy t\u0159icetilet\u00e9 v\u00e1lky pronikly tak\u00e9 do slezsk\u00fdch hor. Kdy\u017e \u0160v\u00e9dov\u00e9 p\u0159it\u00e1hli roku 1647 k m\u011bstu Zuckmantlu (dnes Zlat\u00e9 Hory), obyvatelstvo opou\u0161t\u011blo sv\u016fj majetek\u00a0a zachra\u0148ovalo si hol\u00fd \u017eivot \u00fat\u011bkem do hor. \u017dena m\u00edstn\u00edho \u0159ezn\u00edka Anna Tannheiserov\u00e1, kter\u00e1 byla v po\u017eehnan\u00e9m stavu, na\u0161la bezpe\u010dn\u00e9 m\u00edsto na ho\u0159e zvan\u00e9 Bo\u017e\u00ed dar (Gottesgabe) asi hodinu cesty od m\u011bsta. V<\/p>\n<div><a class=\"fw-btn fw-btn-1 fw-btn-black\" href=\"https:\/\/www.mariahilf.eu\/pl\/historie\/vznik-a-rozvoj-poutniho-mista\/\"><span>Czytaj wi\u0119cej...<\/span><\/a><\/div>","protected":false},"author":2,"featured_media":720,"parent":705,"menu_order":0,"comment_status":"closed","ping_status":"closed","template":"","meta":{"_acf_changed":false,"footnotes":""},"class_list":["post-707","page","type-page","status-publish","has-post-thumbnail","hentry"],"acf":[],"yoast_head":"<!-- This site is optimized with the Yoast SEO plugin v27.4 - https:\/\/yoast.com\/product\/yoast-seo-wordpress\/ -->\n<title>Vznik a rozvoj poutn\u00edho m\u00edsta - Maria Hilf - Poutn\u00ed M\u00edsto Panny Marie Pomocn\u00e9<\/title>\n<meta name=\"robots\" content=\"index, follow, max-snippet:-1, max-image-preview:large, max-video-preview:-1\" \/>\n<link rel=\"canonical\" href=\"https:\/\/www.mariahilf.eu\/pl\/historie\/vznik-a-rozvoj-poutniho-mista\/\" \/>\n<meta property=\"og:locale\" content=\"pl_PL\" \/>\n<meta property=\"og:type\" content=\"article\" \/>\n<meta property=\"og:title\" content=\"Vznik a rozvoj poutn\u00edho m\u00edsta - Maria Hilf - Poutn\u00ed M\u00edsto Panny Marie Pomocn\u00e9\" \/>\n<meta property=\"og:description\" content=\"\u00datrapy t\u0159icetilet\u00e9 v\u00e1lky pronikly tak\u00e9 do slezsk\u00fdch hor. Kdy\u017e \u0160v\u00e9dov\u00e9 p\u0159it\u00e1hli roku 1647 k m\u011bstu Zuckmantlu (dnes Zlat\u00e9 Hory), obyvatelstvo opou\u0161t\u011blo sv\u016fj majetek\u00a0a zachra\u0148ovalo si hol\u00fd \u017eivot \u00fat\u011bkem do hor. \u017dena m\u00edstn\u00edho \u0159ezn\u00edka Anna Tannheiserov\u00e1, kter\u00e1 byla v po\u017eehnan\u00e9m stavu, na\u0161la bezpe\u010dn\u00e9 m\u00edsto na ho\u0159e zvan\u00e9 Bo\u017e\u00ed dar (Gottesgabe) asi hodinu cesty od m\u011bsta. VP\u0159e\u010d\u00edst...\" \/>\n<meta property=\"og:url\" content=\"https:\/\/www.mariahilf.eu\/pl\/historie\/vznik-a-rozvoj-poutniho-mista\/\" \/>\n<meta property=\"og:site_name\" content=\"Maria Hilf - Poutn\u00ed M\u00edsto Panny Marie Pomocn\u00e9\" \/>\n<meta property=\"article:publisher\" content=\"https:\/\/www.facebook.com\/pannamariapomocna\/\" \/>\n<meta property=\"article:modified_time\" content=\"2023-09-22T20:48:26+00:00\" \/>\n<meta property=\"og:image\" content=\"https:\/\/www.mariahilf.eu\/wp-content\/uploads\/2018\/08\/historia.png\" \/>\n\t<meta property=\"og:image:width\" content=\"2000\" \/>\n\t<meta property=\"og:image:height\" content=\"1125\" \/>\n\t<meta property=\"og:image:type\" content=\"image\/png\" \/>\n<meta name=\"twitter:card\" content=\"summary_large_image\" \/>\n<script type=\"application\/ld+json\" class=\"yoast-schema-graph\">{\"@context\":\"https:\\\/\\\/schema.org\",\"@graph\":[{\"@type\":\"WebPage\",\"@id\":\"https:\\\/\\\/www.mariahilf.eu\\\/historie\\\/vznik-a-rozvoj-poutniho-mista\\\/\",\"url\":\"https:\\\/\\\/www.mariahilf.eu\\\/historie\\\/vznik-a-rozvoj-poutniho-mista\\\/\",\"name\":\"Vznik a rozvoj poutn\u00edho m\u00edsta - Maria Hilf - Poutn\u00ed M\u00edsto Panny Marie Pomocn\u00e9\",\"isPartOf\":{\"@id\":\"https:\\\/\\\/www.mariahilf.eu\\\/#website\"},\"primaryImageOfPage\":{\"@id\":\"https:\\\/\\\/www.mariahilf.eu\\\/historie\\\/vznik-a-rozvoj-poutniho-mista\\\/#primaryimage\"},\"image\":{\"@id\":\"https:\\\/\\\/www.mariahilf.eu\\\/historie\\\/vznik-a-rozvoj-poutniho-mista\\\/#primaryimage\"},\"thumbnailUrl\":\"https:\\\/\\\/i0.wp.com\\\/www.mariahilf.eu\\\/wp-content\\\/uploads\\\/2018\\\/08\\\/historia.png?fit=2000%2C1125&ssl=1\",\"datePublished\":\"2018-08-28T15:58:31+00:00\",\"dateModified\":\"2023-09-22T20:48:26+00:00\",\"breadcrumb\":{\"@id\":\"https:\\\/\\\/www.mariahilf.eu\\\/historie\\\/vznik-a-rozvoj-poutniho-mista\\\/#breadcrumb\"},\"inLanguage\":\"pl-PL\",\"potentialAction\":[{\"@type\":\"ReadAction\",\"target\":[\"https:\\\/\\\/www.mariahilf.eu\\\/historie\\\/vznik-a-rozvoj-poutniho-mista\\\/\"]}]},{\"@type\":\"ImageObject\",\"inLanguage\":\"pl-PL\",\"@id\":\"https:\\\/\\\/www.mariahilf.eu\\\/historie\\\/vznik-a-rozvoj-poutniho-mista\\\/#primaryimage\",\"url\":\"https:\\\/\\\/i0.wp.com\\\/www.mariahilf.eu\\\/wp-content\\\/uploads\\\/2018\\\/08\\\/historia.png?fit=2000%2C1125&ssl=1\",\"contentUrl\":\"https:\\\/\\\/i0.wp.com\\\/www.mariahilf.eu\\\/wp-content\\\/uploads\\\/2018\\\/08\\\/historia.png?fit=2000%2C1125&ssl=1\",\"width\":2000,\"height\":1125},{\"@type\":\"BreadcrumbList\",\"@id\":\"https:\\\/\\\/www.mariahilf.eu\\\/historie\\\/vznik-a-rozvoj-poutniho-mista\\\/#breadcrumb\",\"itemListElement\":[{\"@type\":\"ListItem\",\"position\":1,\"name\":\"Strona g\u0142\u00f3wna\",\"item\":\"https:\\\/\\\/www.mariahilf.eu\\\/\"},{\"@type\":\"ListItem\",\"position\":2,\"name\":\"Historie\",\"item\":\"https:\\\/\\\/www.mariahilf.eu\\\/historie\\\/\"},{\"@type\":\"ListItem\",\"position\":3,\"name\":\"Vznik a rozvoj poutn\u00edho m\u00edsta\"}]},{\"@type\":\"WebSite\",\"@id\":\"https:\\\/\\\/www.mariahilf.eu\\\/#website\",\"url\":\"https:\\\/\\\/www.mariahilf.eu\\\/\",\"name\":\"Maria Hilf - Poutn\u00ed M\u00edsto Panny Marie Pomocn\u00e9\",\"description\":\"Duchovn\u00ed spr\u00e1va poutn\u00edho m\u00edsta Panny Marie Pomocn\u00e9\",\"publisher\":{\"@id\":\"https:\\\/\\\/www.mariahilf.eu\\\/#organization\"},\"potentialAction\":[{\"@type\":\"SearchAction\",\"target\":{\"@type\":\"EntryPoint\",\"urlTemplate\":\"https:\\\/\\\/www.mariahilf.eu\\\/?s={search_term_string}\"},\"query-input\":{\"@type\":\"PropertyValueSpecification\",\"valueRequired\":true,\"valueName\":\"search_term_string\"}}],\"inLanguage\":\"pl-PL\"},{\"@type\":\"Organization\",\"@id\":\"https:\\\/\\\/www.mariahilf.eu\\\/#organization\",\"name\":\"Parafia Matki Bo\u017cej Cz\u0119stochowskiej w Knurowie\",\"url\":\"https:\\\/\\\/www.mariahilf.eu\\\/\",\"logo\":{\"@type\":\"ImageObject\",\"inLanguage\":\"pl-PL\",\"@id\":\"https:\\\/\\\/www.mariahilf.eu\\\/#\\\/schema\\\/logo\\\/image\\\/\",\"url\":\"https:\\\/\\\/i0.wp.com\\\/www.mariahilf.eu\\\/wp-content\\\/uploads\\\/2018\\\/08\\\/logo_web_300x348.png?fit=300%2C348&ssl=1\",\"contentUrl\":\"https:\\\/\\\/i0.wp.com\\\/www.mariahilf.eu\\\/wp-content\\\/uploads\\\/2018\\\/08\\\/logo_web_300x348.png?fit=300%2C348&ssl=1\",\"width\":300,\"height\":348,\"caption\":\"Parafia Matki Bo\u017cej Cz\u0119stochowskiej w Knurowie\"},\"image\":{\"@id\":\"https:\\\/\\\/www.mariahilf.eu\\\/#\\\/schema\\\/logo\\\/image\\\/\"},\"sameAs\":[\"https:\\\/\\\/www.facebook.com\\\/pannamariapomocna\\\/\"]}]}<\/script>\n<!-- \/ Yoast SEO plugin. -->","yoast_head_json":{"title":"Vznik a rozvoj poutn\u00edho m\u00edsta - Maria Hilf - Poutn\u00ed M\u00edsto Panny Marie Pomocn\u00e9","robots":{"index":"index","follow":"follow","max-snippet":"max-snippet:-1","max-image-preview":"max-image-preview:large","max-video-preview":"max-video-preview:-1"},"canonical":"https:\/\/www.mariahilf.eu\/pl\/historie\/vznik-a-rozvoj-poutniho-mista\/","og_locale":"pl_PL","og_type":"article","og_title":"Vznik a rozvoj poutn\u00edho m\u00edsta - Maria Hilf - Poutn\u00ed M\u00edsto Panny Marie Pomocn\u00e9","og_description":"\u00datrapy t\u0159icetilet\u00e9 v\u00e1lky pronikly tak\u00e9 do slezsk\u00fdch hor. Kdy\u017e \u0160v\u00e9dov\u00e9 p\u0159it\u00e1hli roku 1647 k m\u011bstu Zuckmantlu (dnes Zlat\u00e9 Hory), obyvatelstvo opou\u0161t\u011blo sv\u016fj majetek\u00a0a zachra\u0148ovalo si hol\u00fd \u017eivot \u00fat\u011bkem do hor. \u017dena m\u00edstn\u00edho \u0159ezn\u00edka Anna Tannheiserov\u00e1, kter\u00e1 byla v po\u017eehnan\u00e9m stavu, na\u0161la bezpe\u010dn\u00e9 m\u00edsto na ho\u0159e zvan\u00e9 Bo\u017e\u00ed dar (Gottesgabe) asi hodinu cesty od m\u011bsta. VP\u0159e\u010d\u00edst...","og_url":"https:\/\/www.mariahilf.eu\/pl\/historie\/vznik-a-rozvoj-poutniho-mista\/","og_site_name":"Maria Hilf - Poutn\u00ed M\u00edsto Panny Marie Pomocn\u00e9","article_publisher":"https:\/\/www.facebook.com\/pannamariapomocna\/","article_modified_time":"2023-09-22T20:48:26+00:00","og_image":[{"width":2000,"height":1125,"url":"https:\/\/www.mariahilf.eu\/wp-content\/uploads\/2018\/08\/historia.png","type":"image\/png"}],"twitter_card":"summary_large_image","schema":{"@context":"https:\/\/schema.org","@graph":[{"@type":"WebPage","@id":"https:\/\/www.mariahilf.eu\/historie\/vznik-a-rozvoj-poutniho-mista\/","url":"https:\/\/www.mariahilf.eu\/historie\/vznik-a-rozvoj-poutniho-mista\/","name":"Vznik a rozvoj poutn\u00edho m\u00edsta - Maria Hilf - Poutn\u00ed M\u00edsto Panny Marie Pomocn\u00e9","isPartOf":{"@id":"https:\/\/www.mariahilf.eu\/#website"},"primaryImageOfPage":{"@id":"https:\/\/www.mariahilf.eu\/historie\/vznik-a-rozvoj-poutniho-mista\/#primaryimage"},"image":{"@id":"https:\/\/www.mariahilf.eu\/historie\/vznik-a-rozvoj-poutniho-mista\/#primaryimage"},"thumbnailUrl":"https:\/\/i0.wp.com\/www.mariahilf.eu\/wp-content\/uploads\/2018\/08\/historia.png?fit=2000%2C1125&ssl=1","datePublished":"2018-08-28T15:58:31+00:00","dateModified":"2023-09-22T20:48:26+00:00","breadcrumb":{"@id":"https:\/\/www.mariahilf.eu\/historie\/vznik-a-rozvoj-poutniho-mista\/#breadcrumb"},"inLanguage":"pl-PL","potentialAction":[{"@type":"ReadAction","target":["https:\/\/www.mariahilf.eu\/historie\/vznik-a-rozvoj-poutniho-mista\/"]}]},{"@type":"ImageObject","inLanguage":"pl-PL","@id":"https:\/\/www.mariahilf.eu\/historie\/vznik-a-rozvoj-poutniho-mista\/#primaryimage","url":"https:\/\/i0.wp.com\/www.mariahilf.eu\/wp-content\/uploads\/2018\/08\/historia.png?fit=2000%2C1125&ssl=1","contentUrl":"https:\/\/i0.wp.com\/www.mariahilf.eu\/wp-content\/uploads\/2018\/08\/historia.png?fit=2000%2C1125&ssl=1","width":2000,"height":1125},{"@type":"BreadcrumbList","@id":"https:\/\/www.mariahilf.eu\/historie\/vznik-a-rozvoj-poutniho-mista\/#breadcrumb","itemListElement":[{"@type":"ListItem","position":1,"name":"Strona g\u0142\u00f3wna","item":"https:\/\/www.mariahilf.eu\/"},{"@type":"ListItem","position":2,"name":"Historie","item":"https:\/\/www.mariahilf.eu\/historie\/"},{"@type":"ListItem","position":3,"name":"Vznik a rozvoj poutn\u00edho m\u00edsta"}]},{"@type":"WebSite","@id":"https:\/\/www.mariahilf.eu\/#website","url":"https:\/\/www.mariahilf.eu\/","name":"Maria Hilf - Poutn\u00ed M\u00edsto Panny Marie Pomocn\u00e9","description":"Duchowa administracja miejsca pielgrzymek Naj\u015bwi\u0119tszej Maryi Panny Pomocniczej","publisher":{"@id":"https:\/\/www.mariahilf.eu\/#organization"},"potentialAction":[{"@type":"SearchAction","target":{"@type":"EntryPoint","urlTemplate":"https:\/\/www.mariahilf.eu\/?s={search_term_string}"},"query-input":{"@type":"PropertyValueSpecification","valueRequired":true,"valueName":"search_term_string"}}],"inLanguage":"pl-PL"},{"@type":"Organization","@id":"https:\/\/www.mariahilf.eu\/#organization","name":"Parafia Matki Bo\u017cej Cz\u0119stochowskiej w Knurowie","url":"https:\/\/www.mariahilf.eu\/","logo":{"@type":"ImageObject","inLanguage":"pl-PL","@id":"https:\/\/www.mariahilf.eu\/#\/schema\/logo\/image\/","url":"https:\/\/i0.wp.com\/www.mariahilf.eu\/wp-content\/uploads\/2018\/08\/logo_web_300x348.png?fit=300%2C348&ssl=1","contentUrl":"https:\/\/i0.wp.com\/www.mariahilf.eu\/wp-content\/uploads\/2018\/08\/logo_web_300x348.png?fit=300%2C348&ssl=1","width":300,"height":348,"caption":"Parafia Matki Bo\u017cej Cz\u0119stochowskiej w Knurowie"},"image":{"@id":"https:\/\/www.mariahilf.eu\/#\/schema\/logo\/image\/"},"sameAs":["https:\/\/www.facebook.com\/pannamariapomocna\/"]}]}},"jetpack_shortlink":"https:\/\/wp.me\/PaKJZm-bp","jetpack_sharing_enabled":true,"_links":{"self":[{"href":"https:\/\/www.mariahilf.eu\/pl\/wp-json\/wp\/v2\/pages\/707","targetHints":{"allow":["GET"]}}],"collection":[{"href":"https:\/\/www.mariahilf.eu\/pl\/wp-json\/wp\/v2\/pages"}],"about":[{"href":"https:\/\/www.mariahilf.eu\/pl\/wp-json\/wp\/v2\/types\/page"}],"author":[{"embeddable":true,"href":"https:\/\/www.mariahilf.eu\/pl\/wp-json\/wp\/v2\/users\/2"}],"replies":[{"embeddable":true,"href":"https:\/\/www.mariahilf.eu\/pl\/wp-json\/wp\/v2\/comments?post=707"}],"version-history":[{"count":3,"href":"https:\/\/www.mariahilf.eu\/pl\/wp-json\/wp\/v2\/pages\/707\/revisions"}],"predecessor-version":[{"id":2766,"href":"https:\/\/www.mariahilf.eu\/pl\/wp-json\/wp\/v2\/pages\/707\/revisions\/2766"}],"up":[{"embeddable":true,"href":"https:\/\/www.mariahilf.eu\/pl\/wp-json\/wp\/v2\/pages\/705"}],"wp:featuredmedia":[{"embeddable":true,"href":"https:\/\/www.mariahilf.eu\/pl\/wp-json\/wp\/v2\/media\/720"}],"wp:attachment":[{"href":"https:\/\/www.mariahilf.eu\/pl\/wp-json\/wp\/v2\/media?parent=707"}],"curies":[{"name":"wp","href":"https:\/\/api.w.org\/{rel}","templated":true}]}}